{"id":7940,"date":"2026-02-25T14:26:42","date_gmt":"2026-02-25T14:26:42","guid":{"rendered":"https:\/\/bandyforbundet.no\/bandy\/?page_id=7940"},"modified":"2026-03-28T16:37:28","modified_gmt":"2026-03-28T16:37:28","slug":"bandy-vm-2026-junior","status":"publish","type":"page","link":"https:\/\/bandyforbundet.no\/bandy\/?page_id=7940","title":{"rendered":"Bandy-VM 2026 junior"},"content":{"rendered":"\n<p style=\"font-size:36px\"><strong>VM i bandy for U17 og U19 2026<\/strong><\/p>\n\n\n\n<p>P\u00e5 denne siden finner du all informasjon om det kommende verdensmesterskapet i bandy for U17 gutter og jenter, og U19 gutter.<\/p>\n\n\n\n<p><strong>Uppsala, Sverige 26. &#8211; 29. mars 2026<\/strong><\/p>\n\n\n\n<p>Verdensmesterskapene U19 og U17 arrangeres samtidig i samme svenske innend\u00f8rsarena. Totalt spilles tre ungdomsmesterskap parallelt: Gutter U19, gutter U17 og jenter U17. Vertskap for arrangementet er&nbsp;det svenske bandyforbundet, med&nbsp;Uppsala BoIS&nbsp;som lokal arrang\u00f8r. Mesterskapene spilles i&nbsp;Serwent Indoor Arena&nbsp;i&nbsp;Uppsala.<\/p>\n\n\n\n<div class=\"wp-block-msswb-panel msswb-panel-container\"><div class=\"mwwsb-panel-header\"><div class=\"mwwsb-panel-title\">Kampoppsett<\/div><div class=\"mwwsb-panel-icon\"><span class=\"dashicon dashicons dashicons-arrow-down-alt2\"><\/span><\/div><\/div><div class=\"msswb-panel-content\">\n<div class=\"wp-block-msswb-panel msswb-panel-container\"><div class=\"mwwsb-panel-header\"><div class=\"mwwsb-panel-title\">Torsdag 26.03<\/div><div class=\"mwwsb-panel-icon\"><span class=\"dashicon dashicons dashicons-arrow-down-alt2\"><\/span><\/div><\/div><div class=\"msswb-panel-content\">\n<p><strong>11:00<\/strong>&nbsp;\u2013 Norge \u2013 Sverige (U17 jenter)<br><strong>13:00<\/strong>&nbsp;\u2013 Norge \u2013 Sverige (U19 gutter)<br><strong>17:00<\/strong>&nbsp;\u2013 Finland \u2013 Norge (U17 jenter)<br><strong>21:00<\/strong>&nbsp;\u2013 Norge \u2013 Finland (U17 gutter)<\/p>\n<\/div><\/div>\n\n\n\n<div class=\"wp-block-msswb-panel msswb-panel-container\"><div class=\"mwwsb-panel-header\"><div class=\"mwwsb-panel-title\">Fredag 27.03<\/div><div class=\"mwwsb-panel-icon\"><span class=\"dashicon dashicons dashicons-arrow-down-alt2\"><\/span><\/div><\/div><div class=\"msswb-panel-content\">\n<p><strong>09:00<\/strong>&nbsp;\u2013 Finland \u2013 Norge (U19 gutter)<br><strong>11:00<\/strong>&nbsp;\u2013 Sverige \u2013 Norge (U17 gutter)<br><strong>15:00<\/strong>&nbsp;\u2013 Sverige \u2013 Norge (U19 gutter)<br><strong>19:00<\/strong>&nbsp;\u2013 Norge \u2013 Finland (U17 jenter)<\/p>\n<\/div><\/div>\n\n\n\n<div class=\"wp-block-msswb-panel msswb-panel-container\"><div class=\"mwwsb-panel-header\"><div class=\"mwwsb-panel-title\">L\u00f8rdag 28.03<\/div><div class=\"mwwsb-panel-icon\"><span class=\"dashicon dashicons dashicons-arrow-down-alt2\"><\/span><\/div><\/div><div class=\"msswb-panel-content\">\n<p><strong>09:00<\/strong>&nbsp;\u2013 Norge \u2013 Sverige (U17 gutter)<br><strong>13:00<\/strong>&nbsp;\u2013 Norge \u2013 Finland (U19 gutter)<br><strong>15:00<\/strong>&nbsp;\u2013 Finland \u2013 Norge (U17 gutter)<br><strong>17:00<\/strong>&nbsp;\u2013 Sverige \u2013 Norge (U17 jenter)<\/p>\n<\/div><\/div>\n\n\n\n<div class=\"wp-block-msswb-panel msswb-panel-container\"><div class=\"mwwsb-panel-header\"><div class=\"mwwsb-panel-title\">S\u00f8ndag 29.03<\/div><div class=\"mwwsb-panel-icon\"><span class=\"dashicon dashicons dashicons-arrow-down-alt2\"><\/span><\/div><\/div><div class=\"msswb-panel-content\">\n<p>Nr. 1 og Nr. 2 i alle mesterskap m\u00f8tes i finale.<\/p>\n\n\n\n<p><strong>10:30<\/strong>&nbsp;\u2013 Finale (U17 gutter)<br><strong>13:00<\/strong>&nbsp;\u2013 Finale (U17 jenter)<br><strong>15:30<\/strong>&nbsp;\u2013 Finale (U19 gutter)<\/p>\n<\/div><\/div>\n<\/div><\/div>\n\n\n\n<div class=\"wp-block-msswb-panel msswb-panel-container\"><div class=\"mwwsb-panel-header\"><div class=\"mwwsb-panel-title\">Norske resultater<\/div><div class=\"mwwsb-panel-icon\"><span class=\"dashicon dashicons dashicons-arrow-down-alt2\"><\/span><\/div><\/div><div class=\"msswb-panel-content\">\n<div class=\"wp-block-msswb-panel msswb-panel-container\"><div class=\"mwwsb-panel-header\"><div class=\"mwwsb-panel-title\">U19 gutter<\/div><div class=\"mwwsb-panel-icon\"><span class=\"dashicon dashicons dashicons-arrow-down-alt2\"><\/span><\/div><\/div><div class=\"msswb-panel-content\">\n<p><strong>Innledende kamper<\/strong>:<\/p>\n\n\n\n<p>Tor. 26.03: Norge 4 &#8211; 4 Sverige<\/p>\n\n\n\n<p>Fre. 27.03: Finland 0 &#8211; 5 Norge<\/p>\n\n\n\n<p>Fre. 27.03: Sverige 4 &#8211; 3 Norge<\/p>\n\n\n\n<p>L\u00f8r. 28.03: Norge 1 &#8211; 0 Finland<\/p>\n\n\n\n<p>S\u00f8n. 29.03: <\/p>\n<\/div><\/div>\n\n\n\n<div class=\"wp-block-msswb-panel msswb-panel-container\"><div class=\"mwwsb-panel-header\"><div class=\"mwwsb-panel-title\">U17 gutter<\/div><div class=\"mwwsb-panel-icon\"><span class=\"dashicon dashicons dashicons-arrow-down-alt2\"><\/span><\/div><\/div><div class=\"msswb-panel-content\">\n<p><strong>Innledende kamper<\/strong>:<\/p>\n\n\n\n<p>Tor. 26.03: Norge 1 &#8211;  2 Finland<\/p>\n\n\n\n<p>Fre. 27.03: Sverige 10 &#8211; 2 Norge<\/p>\n\n\n\n<p>L\u00f8r. 28.03: Norge 3 &#8211; 6 Sverige<\/p>\n\n\n\n<p>L\u00f8r. 28.03: Finland 3 &#8211; 6 Norge<\/p>\n\n\n\n<p>S\u00f8n. 29.03: <\/p>\n<\/div><\/div>\n\n\n\n<div class=\"wp-block-msswb-panel msswb-panel-container\"><div class=\"mwwsb-panel-header\"><div class=\"mwwsb-panel-title\">U17 jenter<\/div><div class=\"mwwsb-panel-icon\"><span class=\"dashicon dashicons dashicons-arrow-down-alt2\"><\/span><\/div><\/div><div class=\"msswb-panel-content\">\n<p><strong>Innledende kamper<\/strong>:<\/p>\n\n\n\n<p>Tor. 26.03: Norge 1 &#8211; 2 Sverige<\/p>\n\n\n\n<p>Tor. 26.03: Finland 0 &#8211; 4 Norge<\/p>\n\n\n\n<p>Fre. 27.03: Norge 2- 2 Finland<\/p>\n\n\n\n<p>L\u00f8r. 28.03: Sverige &#8211; Norge<\/p>\n<\/div><\/div>\n<\/div><\/div>\n\n\n\n<div class=\"wp-block-msswb-panel msswb-panel-container\"><div class=\"mwwsb-panel-header\"><div class=\"mwwsb-panel-title\">Norges VM-tropper<\/div><div class=\"mwwsb-panel-icon\"><span class=\"dashicon dashicons dashicons-arrow-down-alt2\"><\/span><\/div><\/div><div class=\"msswb-panel-content\">\n<div class=\"wp-block-msswb-panel msswb-panel-container\"><div class=\"mwwsb-panel-header\"><div class=\"mwwsb-panel-title\">U19 gutter<\/div><div class=\"mwwsb-panel-icon\"><span class=\"dashicon dashicons dashicons-arrow-down-alt2\"><\/span><\/div><\/div><div class=\"msswb-panel-content\">\n<figure class=\"wp-block-table\"><table class=\"has-fixed-layout\"><thead><tr><th>Spiller<\/th><th>Klubb<\/th><\/tr><\/thead><tbody><tr><td>Arne Nyg\u00e5rd Torvanger<\/td><td>Stab\u00e6k<\/td><\/tr><tr><td>Christoffer \u00d8en-Nedberg<\/td><td>IFK V\u00e4nersborg<\/td><\/tr><tr><td>Christopher Flaatten<\/td><td>Stab\u00e6k<\/td><\/tr><tr><td>Fridtjof Edbo<\/td><td>Stab\u00e6k<\/td><\/tr><tr><td>Jesper Pettersson<\/td><td>Mj\u00f8ndalen<\/td><\/tr><tr><td>Johannes Telhaug Karlsson<\/td><td>Stab\u00e6k<\/td><\/tr><tr><td>Lage Guton Klaastad<\/td><td>Stab\u00e6k<\/td><\/tr><tr><td>Lars Josefsen<\/td><td>Ullern<\/td><\/tr><tr><td>Leon Evju Hauger<\/td><td>Stab\u00e6k<\/td><\/tr><tr><td>Ludvig Schirmer<\/td><td>Stab\u00e6k<\/td><\/tr><tr><td>Magnus Engelstad<\/td><td>Stab\u00e6k<\/td><\/tr><tr><td>Martin Nurminen<\/td><td>IFK V\u00e4nersborg<\/td><\/tr><tr><td>Michael Hansen<\/td><td>Edsbyn<\/td><\/tr><tr><td>Mikkel Bakkevig Aasbrenn<\/td><td>Ullern<\/td><\/tr><tr><td>Olav Heyerdahl<\/td><td>Ullern<\/td><\/tr><tr><td>Sebastian M\u00f8lsted<\/td><td>Villa Lidk\u00f6ping<\/td><\/tr><\/tbody><\/table><\/figure>\n<\/div><\/div>\n\n\n\n<div class=\"wp-block-msswb-panel msswb-panel-container\"><div class=\"mwwsb-panel-header\"><div class=\"mwwsb-panel-title\">U17 gutter<\/div><div class=\"mwwsb-panel-icon\"><span class=\"dashicon dashicons dashicons-arrow-down-alt2\"><\/span><\/div><\/div><div class=\"msswb-panel-content\">\n<figure class=\"wp-block-table\"><table class=\"has-fixed-layout\"><thead><tr><th>Spiller<\/th><th>Klubb<\/th><\/tr><\/thead><tbody><tr><td>Fredrik Mejl\u00e6nder-Larsen<\/td><td>\u00d8HIL<\/td><\/tr><tr><td>Leander Busk Witz\u00f8e<\/td><td>Ready<\/td><\/tr><tr><td>Lars-Oliver Hauger Norseth<\/td><td>Stab\u00e6k<\/td><\/tr><tr><td>Even Stensrud<\/td><td>Nordre Sande<\/td><\/tr><tr><td>Samuel Bryhni<\/td><td>Ready<\/td><\/tr><tr><td>Fredrik Borgen Hildisch<\/td><td>Ready<\/td><\/tr><tr><td>Petter Godager Nordby<\/td><td>Ready<\/td><\/tr><tr><td>Marius Lie-Solberg<\/td><td>Solberg<\/td><\/tr><tr><td>Jonathan Hansen Wiulsrud<\/td><td>Solberg<\/td><\/tr><tr><td>Alexander Westeng<\/td><td>V\u00e4nersborg<\/td><\/tr><tr><td>Neo Birger Lannem Stensland<\/td><td>Stab\u00e6k<\/td><\/tr><tr><td>Mikkel Mellemstrand Dahl<\/td><td>Ready<\/td><\/tr><tr><td>Stanislav Busorgin<\/td><td>Ready<\/td><\/tr><tr><td>Oscar Fredrik Garmann<\/td><td>Stab\u00e6k<\/td><\/tr><tr><td>Gustav Richard Haugen<\/td><td>Ready<\/td><\/tr><tr><td>Mathias Eirheim<\/td><td>Stab\u00e6k<\/td><\/tr><\/tbody><\/table><\/figure>\n<\/div><\/div>\n\n\n\n<div class=\"wp-block-msswb-panel msswb-panel-container\"><div class=\"mwwsb-panel-header\"><div class=\"mwwsb-panel-title\">U17 jenter<\/div><div class=\"mwwsb-panel-icon\"><span class=\"dashicon dashicons dashicons-arrow-down-alt2\"><\/span><\/div><\/div><div class=\"msswb-panel-content\">\n<figure class=\"wp-block-table\"><table class=\"has-fixed-layout\"><thead><tr><th>Spiller<\/th><th>Klubb<\/th><\/tr><\/thead><tbody><tr><td>Emilie Nitteberg (m\u00e5lvakt)<\/td><td>Ullev\u00e5l<\/td><\/tr><tr><td>Juliane Kortvedt (m\u00e5lvakt)<\/td><td>Drammen Bandy<\/td><\/tr><tr><td>Ella Hilmarsen<\/td><td>V\u00e4ster\u00e5s<\/td><\/tr><tr><td>Isabell O. Skare<\/td><td>Solberg<\/td><\/tr><tr><td>Malin Hellum<\/td><td>Villa Lidk\u00f6ping<\/td><\/tr><tr><td>Marie Os<\/td><td>Stab\u00e6k<\/td><\/tr><tr><td>Nelly Sund\u00e5s<\/td><td>V\u00e4nersborg<\/td><\/tr><tr><td>Mathea Fiva Myrvoll<\/td><td>Ready<\/td><\/tr><tr><td>Tuva Ellefsen<\/td><td>Villa Lidk\u00f6ping<\/td><\/tr><tr><td>Ebba Johansson<\/td><td>Ready<\/td><\/tr><tr><td>Iben T\u00f8rud<\/td><td>Stab\u00e6k<\/td><\/tr><tr><td>Julie \u00d8stbye<\/td><td>Solberg<\/td><\/tr><tr><td>Mona Edland<\/td><td>Stab\u00e6k<\/td><\/tr><tr><td>Selma Johanson<\/td><td>Stab\u00e6k<\/td><\/tr><tr><td>Sofie Andresen<\/td><td>Stab\u00e6k<\/td><\/tr><tr><td>Maja F\u00f8rde<\/td><td>Ready<\/td><\/tr><\/tbody><\/table><\/figure>\n<\/div><\/div>\n<\/div><\/div>\n\n\n\n<div class=\"wp-block-msswb-panel msswb-panel-container\"><div class=\"mwwsb-panel-header\"><div class=\"mwwsb-panel-title\">Billett- og arenainformasjon<\/div><div class=\"mwwsb-panel-icon\"><span class=\"dashicon dashicons dashicons-arrow-down-alt2\"><\/span><\/div><\/div><div class=\"msswb-panel-content\">\n<p><strong>Velg mellom to billettkategorier.<\/strong><\/p>\n\n\n\n<p>Ungdom under 18 \u00e5r m\u00e5 ha billett (gratis). Publikum fra og med 18 \u00e5r m\u00e5 kj\u00f8pe betalt billett.<\/p>\n\n\n\n<p><strong>Ungdoms-VM Turneringbillett<\/strong><br>Ungdom til og med 18 \u00e5r \u2013 0 SEK<br>Voksen \u2013 360 SEK<\/p>\n\n\n\n<p>Ved inngangen f\u00e5r du et inngangsarmb\u00e5nd som gjelder som adgang alle dager.<\/p>\n\n\n\n<p><strong>Ungdoms-VM Dagbillett<\/strong><br>Ungdom til og med 18 \u00e5r \u2013 0 SEK<br>Voksen \u2013 120 SEK<\/p>\n\n\n\n<p><a href=\"https:\/\/secure.tickster.com\/sv\/kmuw2u1thpjgkcg\/selectevent?c=bygnlw8\" data-type=\"link\" data-id=\"https:\/\/secure.tickster.com\/sv\/kmuw2u1thpjgkcg\/selectevent?c=bygnlw8\">Kj\u00f8p billetter her<\/a><\/p>\n\n\n\n<div class=\"wp-block-msswb-panel msswb-panel-container\"><div class=\"mwwsb-panel-header\"><div class=\"mwwsb-panel-title\">Arena<\/div><div class=\"mwwsb-panel-icon\"><span class=\"dashicon dashicons dashicons-arrow-down-alt2\"><\/span><\/div><\/div><div class=\"msswb-panel-content\">\n<p>Alle kampene spilles i Serwenthallen. Det er en bandybane i full st\u00f8rrelse p\u00e5 100 \u00d7 65 meter, som kan deles inn i to 7\u2019er-baner. Hallen har en publikumskapasitet: 1 000 personer, og det et er sitteplasser langs \u00e9n av langsidene. Arenaen er tilrettelagt for personer med nedsatt funksjonsevne.<\/p>\n<\/div><\/div>\n<\/div><\/div>\n\n\n\n<div class=\"wp-block-msswb-panel msswb-panel-container\"><div class=\"mwwsb-panel-header\"><div class=\"mwwsb-panel-title\">Str\u00f8mming<\/div><div class=\"mwwsb-panel-icon\"><span class=\"dashicon dashicons dashicons-arrow-down-alt2\"><\/span><\/div><\/div><div class=\"msswb-panel-content\">\n<p>Se all informasjon om str\u00f8mming: <a href=\"https:\/\/bandyvm.com\/bandy-youth-world-championship-2026\/streaming\/\" data-type=\"link\" data-id=\"https:\/\/bandyvm.com\/bandy-youth-world-championship-2026\/streaming\/\">Klikk her<\/a><\/p>\n<\/div><\/div>\n\n\n\n<div class=\"wp-block-msswb-panel msswb-panel-container\"><div class=\"mwwsb-panel-header\"><div class=\"mwwsb-panel-title\">Liveoppdateringer<\/div><div class=\"mwwsb-panel-icon\"><span class=\"dashicon dashicons dashicons-arrow-down-alt2\"><\/span><\/div><\/div><div class=\"msswb-panel-content\">\n<p>Alle kampene i VM oppdateres her: <a href=\"https:\/\/bandygrytan.se\">https:\/\/bandygrytan.se<\/a><\/p>\n<\/div><\/div>\n\n\n\n<div class=\"wp-block-msswb-panel msswb-panel-container\"><div class=\"mwwsb-panel-header\"><div class=\"mwwsb-panel-title\">Hotell og mat<\/div><div class=\"mwwsb-panel-icon\"><span class=\"dashicon dashicons dashicons-arrow-down-alt2\"><\/span><\/div><\/div><div class=\"msswb-panel-content\">\n<p>Planlegg oppholdet ditt under VM med det svenske forbundets anbefalte overnattingssteder og spisesteder. De har samlet de beste alternativene for deg som \u00f8nsker \u00e5 bo n\u00e6r arenaen, samtidig som du kan oppleve det lokale utvalget av restauranter og kafeer.<\/p>\n\n\n\n<p><a href=\"https:\/\/bandyvm.com\/bandy-youth-world-championship-2026\/food-and-accommodation\/#\" data-type=\"link\" data-id=\"https:\/\/bandyvm.com\/bandy-youth-world-championship-2026\/food-and-accommodation\/#\">Klikk her for \u00e5 lese mer<\/a><\/p>\n<\/div><\/div>\n\n\n\n<div class=\"wp-block-msswb-panel msswb-panel-container\"><div class=\"mwwsb-panel-header\"><div class=\"mwwsb-panel-title\">F\u00f8lg VM p\u00e5 SoMe og nett<\/div><div class=\"mwwsb-panel-icon\"><span class=\"dashicon dashicons dashicons-arrow-down-alt2\"><\/span><\/div><\/div><div class=\"msswb-panel-content\">\n<p>Klikk her for \u00e5 se v\u00e5r Instagram-side: <a href=\"https:\/\/www.instagram.com\/nbf_bandy\/\" target=\"_blank\" rel=\"noreferrer noopener\">https:\/\/www.instagram.com\/nbf_bandy\/<\/a><\/p>\n\n\n\n<p><strong><em>Her vil det kommende l\u00f8pende oppdateringer under mesterskapet!<\/em><\/strong><\/p>\n\n\n\n<p>Se den offisielle VM-siden: <a href=\"https:\/\/bandyvm.com\/bandy-youth-world-championship-2026\/\" data-type=\"link\" data-id=\"https:\/\/bandyvm.com\/bandy-youth-world-championship-2026\/\">klikk her<\/a><\/p>\n<\/div><\/div>\n\n\n\n<div class=\"wp-block-msswb-panel msswb-panel-container\"><div class=\"mwwsb-panel-header\"><div class=\"mwwsb-panel-title\">Kontakt oss<\/div><div class=\"mwwsb-panel-icon\"><span class=\"dashicon dashicons dashicons-arrow-down-alt2\"><\/span><\/div><\/div><div class=\"msswb-panel-content\"><div class=\"msswb-display-internal-post-frontend-app-v2\" data-url-encoded-attrs=\"%7B%22displayInternalPost%22%3A%7B%22blog_id%22%3A4%2C%22ID%22%3A2154%7D%7D\" data-dip-id=\"\" ><\/div><\/div><\/div>\n\n\n<div class=\"msswb-image-frontend-app\"data-href-target=\"false\" data-href=\"%22%22\" data-use-link=\"false\" data-screen-width=\"false\" data-alignment=\"%22full%22\" data-url=\"%22%5C%2Fwp-content%5C%2Fuploads%5C%2Fsites%5C%2F4%5C%2F2026%5C%2F02%5C%2Fnyogo.png%22\" data-is-background-image=\"false\" data-border-radius=\"0\" data-image-width=\"2000\" data-image-height=\"300\" data-selected-image=\"%7B%22image_id%22%3A7957%2C%22blog_id%22%3A4%2C%22term_id%22%3A-1%2C%22selected_size%22%3A%22full%22%7D\" data-image-aspect-ratio=\"0.15\" data-alt-text=\"%22%22\" data-caption=\"%22%22\" data-width=\"400\" data-height=\"60\" data-focal-point=\"\" data-show-light-box=\"false\" >\n<div class=\"msswb-image-block msswbfull\"><div class=\"msswb-image \"><div class=\"image-container fullwidth\" style=\"width:100%;height:100%\"><img decoding=\"async\" style=\"width:100%\" src=\"\/wp-content\/uploads\/sites\/4\/2026\/02\/nyogo.png\" \/><\/div><\/div><div class=\"msswb-image-caption-container\"><div class=\"msswb-image-caption\"><\/div><\/div><\/div>\n<\/div>\n\n<div class=\"msswb-image-frontend-app\"data-href-target=\"false\" data-href=\"%22%22\" data-use-link=\"false\" data-screen-width=\"false\" data-alignment=\"%22full%22\" data-url=\"%22%5C%2Fwp-content%5C%2Fuploads%5C%2Fsites%5C%2F4%5C%2F2026%5C%2F02%5C%2Fnynynyny.png%22\" data-is-background-image=\"false\" data-border-radius=\"0\" data-image-width=\"1080\" data-image-height=\"1080\" data-selected-image=\"%7B%22image_id%22%3A7947%2C%22blog_id%22%3A4%2C%22term_id%22%3A-1%2C%22selected_size%22%3A%22full%22%7D\" data-image-aspect-ratio=\"1\" data-alt-text=\"%22%22\" data-caption=\"%22%22\" data-width=\"400\" data-height=\"400\" data-focal-point=\"\" data-show-light-box=\"false\" >\n<div class=\"msswb-image-block msswbfull\"><div class=\"msswb-image \"><div class=\"image-container fullwidth\" style=\"width:100%;height:100%\"><img decoding=\"async\" style=\"width:100%\" src=\"\/wp-content\/uploads\/sites\/4\/2026\/02\/nynynyny.png\" \/><\/div><\/div><div class=\"msswb-image-caption-container\"><div class=\"msswb-image-caption\"><\/div><\/div><\/div>\n<\/div>\n\n\n<p style=\"font-size:10px\"><\/p>\n","protected":false},"excerpt":{"rendered":"<p>VM i bandy for U17 og U19 2026 P\u00e5 denne siden finner du all informasjon om det kommende verdensmesterskapet i bandy for U17 gutter og jenter, og U19 gutter. Uppsala, Sverige 26. &#8211; 29. mars 2026 Verdensmesterskapene U19 og U17 arrangeres samtidig i samme svenske innend\u00f8rsarena. Totalt spilles tre ungdomsmesterskap parallelt: Gutter U19, gutter U17 [&hellip;]<\/p>\n","protected":false},"author":66,"featured_media":0,"parent":1483,"menu_order":0,"comment_status":"closed","ping_status":"closed","template":"templates\/template-cover.php","meta":{"cover_meta":"{\"showBackgroundImage\":true,\"bgImage\":{\"image_id\":7950,\"blog_id\":4,\"term_id\":-1,\"selected_size\":\"full\"},\"showOverlay\":true,\"overlayColor\":\"#020e13\",\"overlayOpacity\":0.2,\"showIntro\":false,\"introColor\":\"white\",\"intro\":\"\",\"title\":\"\",\"titleColor\":\"white\",\"showOutro\":false,\"outroColor\":\"white\",\"outro\":\"\"}","footnotes":""},"class_list":["post-7940","page","type-page","status-publish","hentry"],"_links":{"self":[{"href":"https:\/\/bandyforbundet.no\/bandy\/index.php?rest_route=\/wp\/v2\/pages\/7940","targetHints":{"allow":["GET"]}}],"collection":[{"href":"https:\/\/bandyforbundet.no\/bandy\/index.php?rest_route=\/wp\/v2\/pages"}],"about":[{"href":"https:\/\/bandyforbundet.no\/bandy\/index.php?rest_route=\/wp\/v2\/types\/page"}],"author":[{"embeddable":true,"href":"https:\/\/bandyforbundet.no\/bandy\/index.php?rest_route=\/wp\/v2\/users\/66"}],"replies":[{"embeddable":true,"href":"https:\/\/bandyforbundet.no\/bandy\/index.php?rest_route=%2Fwp%2Fv2%2Fcomments&post=7940"}],"version-history":[{"count":24,"href":"https:\/\/bandyforbundet.no\/bandy\/index.php?rest_route=\/wp\/v2\/pages\/7940\/revisions"}],"predecessor-version":[{"id":8039,"href":"https:\/\/bandyforbundet.no\/bandy\/index.php?rest_route=\/wp\/v2\/pages\/7940\/revisions\/8039"}],"up":[{"embeddable":true,"href":"https:\/\/bandyforbundet.no\/bandy\/index.php?rest_route=\/wp\/v2\/pages\/1483"}],"wp:attachment":[{"href":"https:\/\/bandyforbundet.no\/bandy\/index.php?rest_route=%2Fwp%2Fv2%2Fmedia&parent=7940"}],"curies":[{"name":"wp","href":"https:\/\/api.w.org\/{rel}","templated":true}]}}