{"id":1908,"date":"2021-07-15T11:45:16","date_gmt":"2021-07-15T11:45:16","guid":{"rendered":"http:\/\/bandyforbundet.no\/midt-norge-bandyregion\/?page_id=1908"},"modified":"2025-04-14T11:35:47","modified_gmt":"2025-04-14T11:35:47","slug":"streaming-av-kamper","status":"publish","type":"page","link":"https:\/\/bandyforbundet.no\/midt-norge-bandyregion\/?page_id=1908","title":{"rendered":"Streaming"},"content":{"rendered":"\n<div class=\"wp-block-msswb-spacer msswb-spacer-container\" style=\"height:27px\"><div class=\"line\" style=\"height:13px\"><\/div><div class=\"line-center-divider\"><\/div><\/div>\n\n\n\n<h1 class=\"wp-block-heading\">STREAMING AV KAMPER<\/h1>\n\n\n<div class=\"msswb-image-frontend-app\"data-href-target=\"false\" data-href=\"%22%22\" data-use-link=\"false\" data-screen-width=\"false\" data-alignment=\"%22right%22\" data-url=\"%22%5C%2Fwp-content%5C%2Fuploads%5C%2F2020%5C%2F12%5C%2FStreaming4-scaled.jpg%22\" data-is-background-image=\"false\" data-border-radius=\"43\" data-image-width=\"2560\" data-image-height=\"1920\" data-selected-image=\"%7B%22image_id%22%3A201%2C%22blog_id%22%3A1%2C%22term_id%22%3A-1%2C%22selected_size%22%3A%22full%22%7D\" data-image-aspect-ratio=\"0.75\" data-alt-text=\"%22Foto%20av%3A%20Tor%20Audun%20S%5Cu00f8rensen%2C%20NBF%22\" data-caption=\"%22%22\" data-width=\"191\" data-height=\"143\" data-focal-point=\"\" data-show-light-box=\"false\" >\n<div class=\"msswb-image-block msswbright\" style=\"width:191px\"><div class=\"msswb-image \"><div class=\"image-container\" style=\"width:191px;height:143px\"><img decoding=\"async\" style=\"width:191px;height:143px;border-radius:43px\" src=\"\/wp-content\/uploads\/2020\/12\/Streaming4-scaled.jpg\" \/><\/div><\/div><div class=\"msswb-image-caption-container\"><div class=\"msswb-image-caption\"><\/div><div class=\"msswb-image-attribution\">Foto av: Tor Audun S\u00f8rensen, NBF<\/div><\/div><\/div>\n<\/div>\n\n\n<p class=\"has-background\" style=\"background-color:#cecacb\">\u00c5 sende kamper direkte p\u00e5 ulike plattformer har i l\u00f8pet av de siste \u00e5rene blitt mer og mer aktuelt. Kanskje s\u00e6rlig under pandemien var det mange som kjente p\u00e5 et behov for \u00e5 f\u00e5 tilgang til seriekamper &laquo;i sin egen stue&raquo; all den tid det var stengt for \u00e5 fysisk dra til hallen for \u00e5 biv\u00e5ne kampen fysisk. Norges Bandyforbund har som eier av offisielle kamper noen punkter klubber som \u00f8nsker \u00e5 &laquo;livestreame&raquo; kamper m\u00e5 oppfylle. Deling av slikt innhold er ogs\u00e5 styrt av lover utenfor idrettsverdenen. Videre finnes det ogs\u00e5 betydelige prinsipielle sp\u00f8rsm\u00e5l tilknyttet streaming av kamper. For hvem er streamingen egentlig for? Og hvilke mulige konsekvenser kan det medf\u00f8re?  Forh\u00e5pentligvis kan man finne svar p\u00e5 det man lurer p\u00e5 her.<\/p>\n\n\n\n<h4 class=\"wp-block-heading\">Hva sier Norges lover?<\/h4>\n\n\n\n<p>Det er f\u00f8rst og fremst personopplysningsloven og \u00e5ndsverksloven som er aktuelle. Hovedregelen er at det alltid skal innhentes&nbsp;samtykke fra alle som lett kan identifiseres p\u00e5 bildene f\u00f8r de publiseres. Man kan alts\u00e5 <strong>ikke<\/strong> uten videre dele innhold av noen uten at det er gitt et aktivt samtykke. Det er viktig \u00e5 ha respekt for barn, unge og voksnes integritet og rett til personvern. Noen kan ha s\u00e6rlige grunner for at de ikke \u00f8nsker \u00e5 bli tatt bilde av. I enkelte tilfeller kan bildedeling f\u00e5 uheldige konsekvenser dersom medlemmet for eksempel bor p\u00e5 hemmelig adresse. Det er en god skikk \u00e5 alltid sp\u00f8rre om lov f\u00f8r bildet tas. U\u00f8nsket publisering og deling kan f\u00f8re til erstatningsansvar og straffeansvar, if\u00f8lge personopplysningsloven og \u00e5ndsverksloven. Respekten for at personer \u00f8nsker \u00e5 ut\u00f8ve idrettsaktivitet uten at det publiseres p\u00e5 skjermer i de tusen hjem, m\u00e5 alltid v\u00e6re et argument som det utvises respekt for.<\/p>\n\n\n\n<div class=\"wp-block-msswb-spacer msswb-spacer-container show-line\" style=\"height:40px\"><div class=\"line\" style=\"height:20px\"><\/div><div class=\"line-center-divider\"><\/div><\/div>\n\n\n\n<div class=\"wp-block-msswb-panel msswb-panel-container\"><div class=\"mwwsb-panel-header\"><div class=\"mwwsb-panel-title\">Ingen livestreaming av seriekamper i ungdomsserien i Midt-Norge<\/div><div class=\"mwwsb-panel-icon\"><span class=\"dashicon dashicons dashicons-arrow-down-alt2\"><\/span><\/div><\/div><div class=\"msswb-panel-content\">\n<p class=\"has-text-align-center\" style=\"font-style:italic;font-weight:500\"><strong>Styret i Midt-Norge Bandyregion har vedtatt at ingen innebandykamper i regionen under seniorniv\u00e5 skal livestreames.<\/strong><\/p>\n\n\n\n<p><strong>Gjennom firmaet&nbsp;<\/strong>MyGame har norsk idrett inng\u00e5tt en avtale om \u00e5 produsere og str\u00f8mme kamper i h\u00e5ndball, fotball, ishockey, basketball, innebandy og volleyball fra hele Norge ved hjelp av spesialutviklede sportskameraer. Dette skal gjelde kamper for lag helt ned til 15 \u00e5rs alder. Deltar det spillere som er 13 og 14 \u00e5r i disse kampene skal ogs\u00e5 disse streames. Dermed kan alle se de ungdomskampene man m\u00e5tte \u00f8nske gjennom en app p\u00e5 telefonen og\/eller nettbrettet. Det er all grunn til \u00e5 v\u00e6re ytterst skeptisk til \u00e5 gj\u00f8re idrettsaktiviteten til norsk ungdom til allemannseie. Midt-Norge Bandyregion har forel\u00f8pig bestemt &#8211; etter dialog med ulike kommuner &#8211; at det <strong>ikke<\/strong> \u00e5pnes for livestreaming av kamper under seniorniv\u00e5. Vi etterlyser at de involverte s\u00e6rforbundene redegj\u00f8r for hvorfor denne avtalen er en god ide, hvordan den bidrar til \u00e5 f\u00e5 flere barn og unge til \u00e5 ville ut\u00f8ve idrett og hvorfor man ikke har en bedre m\u00e5te \u00e5 h\u00e5ndtere reservasjoner fra det enkelte barn.<\/p>\n\n\n\n<p><strong>For \u00e5&nbsp;<\/strong>ta det med en gang: Det er mulig \u00e5 reservere seg fra at kamper man deltar i blir livestreamet og sendt ut omverdenen. Da m\u00e5 man ta et aktivt valg ved \u00e5 g\u00e5 inn i idrettens datasystemer \u00e5 reservere seg. Allerede her burde det blinket et r\u00f8dt lys. Det burde i stedet v\u00e6rt slik at man aktivt ga et samtykke for \u00e5 kunne bli filmet. N\u00e5 har s\u00e6ridrettene med MyGame pesende i ryggen i stedet g\u00e5tt for at alle samtykker inntil det motsatte er kommunisert \u2013 et samtykke som m\u00e5 gis p\u00e5 et nettsted som ganske f\u00e5 faktisk vet om.<\/p>\n\n\n\n<p><strong>I en<\/strong>&nbsp;tid hvor idretten fremdeles har utfordringer med \u00e5 redegj\u00f8re for sitt reelle medlemstall, s\u00e5 forventer man alts\u00e5 at hver og en ungdom aktivt skal logge seg inn p\u00e5 idrettens systemer for \u00e5 reservere seg. V\u00e5r erfaring er at andelen som faktisk vet om Minidrett er forsvinnende liten. Dette vil aldri kunne bli en tilfredsstillende m\u00e5te \u00e5 fange opp alle de som ikke \u00f8nsker \u00e5 bli en del av en idrettshverdag som synes i nettbrettene og telefonene rundt omkring i de tusen hjem. Mange kommer til \u00e5 ut\u00f8ve idretten uvitende om at de blir direktesendt til potensielt sett hele verden.<\/p>\n\n\n\n<p><strong>MyGame er<\/strong>&nbsp;et kommersielt selskap som \u2013 naturlig nok \u2013 prim\u00e6rt \u00f8nsker \u00e5 tjene penger. Selskapet \u00f8nsker at flest mulig skal betale for \u00e5 se kamper. I m\u00f8te med flere s\u00e6rforbund har selskapet anmodet s\u00e6rforbundene om \u00e5 v\u00e6re varsomme med \u00e5 kommunisere ut muligheten for \u00e5 reservere seg. Dette m\u00e5 man anta henger sammen med et \u00f8konomisk motiv for \u00e5 selge flest mulig abonnement. Dette bare viser MyGame sine prioriteringer. Her kan det virke som om idretten bare har lojalt har fulgt anmodningen \u2013 uten \u00e5 stille de n\u00f8dvendige kritiske sp\u00f8rsm\u00e5lene p\u00e5 vegne av idrettens medlemmer.<\/p>\n\n\n\n<p><strong>Se for<\/strong>&nbsp;deg at man lever i frykt for noen, og at man i 15 \u00e5r har flyttet fra det ene stedet til det andre. Endelig har man funnet et sted hvor man f\u00f8ler man kan senke skuldrene. Man har til og med funnet et innebandylag hvor man trives. Man spiller kamper ogs\u00e5. S\u00e5 f\u00e5r man vite at kampene streames p\u00e5 nettet. Om man da velger \u00e5 reservere seg s\u00e5 vil alle vite at det er den sist ankomne som \u00abhar skylden\u00bb for at streamingen stoppet \u2013 hvordan vil det oppleves? \u00d8nsker man \u00e5 st\u00e5 i det ubehagelige trykket fra andre ivrige foresatte og venner? Eller bare slutter man med idrett p\u00e5 grunn av frykt for egen sikkerhet, og f\u00f8lelsen av at man fratar lagkameratene noe? H\u00f8rte man \u00abidrettsglede for alle\u00bb?<\/p>\n\n\n\n<p><strong>Hvorfor skal<\/strong>&nbsp;man bidra til \u00e5 kommersialisere idretten ogs\u00e5 for barn? Ja, fram til man er 18 \u00e5r er man faktisk \u00e5 anse som nettopp barn. Selv om man ikke har noen \u00abtrusler\u00bb i livet, s\u00e5 er det \u00e5penbart at ikke all ungdom vil synes det er like fristende \u00e5 bli kringkastet mens man ut\u00f8ver idrett. Vil dette medf\u00f8re at flere starter eller slutter med idrettsaktivitet? Vi tror det vil kunne bidra til ytterligere mobbing, trakassering, stigmatisering og frykt. Skal vi uten videre tillate det? Hvem orker \u00e5 v\u00e6re den ene familien som fratar de andre p\u00e5 laget \u00abgleden\u00bb av \u00e5 bli vist p\u00e5 \u00abTV\u00bb og nett mens man spiller kamp? Det er et paradoks at idrettsorganisasjonen den ene dagen er opptatt av \u00e5 dempe kroppspresset, mens man den neste sier at her skal det filmes, forsterkes og utleveres.<\/p>\n\n\n\n<p><strong>Det er&nbsp;<\/strong>\u00e5penbart at milj\u00f8ene som er mest opptatt av resultat og prestasjon omfavner muligheten til \u00e5 bli livestreamet. Man skal vise for flest mulig hvor gode man er. Igjen s\u00e5 glemmer man helt den delen av v\u00e5re barn som kanskje har et annet fokus i idrettsut\u00f8velsen. Man b\u00f8r v\u00e6re varsom med \u00e5 kj\u00f8re all aktivitet i retning av \u00abtoppidrettskverna\u00bb, og heller fokusere mer p\u00e5 og ogs\u00e5 bli en samfunnsakt\u00f8r for de mange som ut\u00f8ver idrett p\u00e5 helt andre premisser enn \u00e5 bli en ny \u00abHaaland\u00bb. Det er \u00e5penbart at en streamingtjeneste i all ungdomsidrett vil bidra til et ytterligere resultatfokus og prestasjonspress fra trenere, ledere og omgivelser. Lite annet f\u00e5r ungdom til \u00e5 storme ut av organisert idrett enn nettopp dette.<\/p>\n\n\n\n<p><strong>S\u00e5 h\u00f8rer<\/strong>&nbsp;vi at man \u00f8nsker kontroll p\u00e5 videoklipp og bilder som legges ut p\u00e5 ulike sosiale medier i privat regi i forbindelse med idrettsaktivitet. Det fremst\u00e5r som uklart for meg hvordan en livestreaming av alle kamper skal kunne redusere omfanget av dette \u2013 snarere f\u00e5r man en kommersiell, \u00e5pen arena hvor slikt materiale kan hentes fra for ytterligere u\u00f8nsket formidling.<\/p>\n\n\n\n<p><strong>Videre kan<\/strong>&nbsp;man spekulere i hvem denne streamingen er for. Er ikke det potensielle publikummet allerede i hallen? Skal idretten flytte folk fra tribunen til skjermen? Er det hovedm\u00e5let? Hvilke andre personer \u2013 enn kanskje de med onde hensikter \u2013 vil betale for \u00e5 se en innebandykamp mellom to lag med 15-\u00e5ringer? Hvorfor er dette s\u00e5 viktig? Velger man virkelig \u00e5 se bort ifra alle de opplagte negative konsekvensene for at en bestemor p\u00e5 Helgeland skal kunne se barnebarnet spille kamp p\u00e5 Hamar? Er det riktig prioritering?<\/p>\n\n\n\n<p><strong>Det finnes<\/strong>&nbsp;allerede kommuner og andre halleiere som motsetter seg denne utviklingen. I idrettshallene Trondheim kommune eier har kommunen forel\u00f8pig sagt nei til montering av disse kameraene. Som selv ansatt i idretten er det pinlig \u00e5 oppleve at representanter fra det offentlige p\u00e5peker idrettens tilsynelatende frav\u00e6rende bekymring for barnas personvern i forbindelse med ut\u00f8velse av idrettsaktivitet. Hva gj\u00f8r det med troverdigheten til idrettsorganisasjon neste gang vi p\u00e5beroper oss gode hensikter i h\u00e5p om \u00e5 f\u00e5 flere anlegg\/mer midler for \u00e5 bedre de samme barnas hverdag?<\/p>\n\n\n\n<p><strong>Hvorfor er<\/strong>&nbsp;det slik at det offentlige og andre organisasjoner \u2013 som Stine Sofies Stiftelse \u2013 tilsynelatende er mer opptatt av barnas vel og vel enn idretten? Har idretten blitt s\u00e5 kynisk at det eneste som teller er det som skjer mens kampen p\u00e5g\u00e5r? Det eneste som er sikkert er at MyGame \u2013 i samarbeid med idretten \u2013 skrur opp kameraer i rekordfart. Snart ogs\u00e5 i din lokale idrettshall.<\/p>\n\n\n\n<p><strong>Norsk idrett&nbsp;<\/strong>uttaler til stadighet hvor opptatt man er av at alle skal med, og at vi \u00f8nsker \u00e5 snu statistikken som forteller at stadig f\u00e6rre ungdommer \u00f8nsker \u00e5 delta i den organiserte idrettsaktiviteten. Vi hevder at den ukritiske tiln\u00e6rmingen til \u00e5 tillate livestreaming i ungdomsidretten er nok et eksempel som viser at idretten sier en ting, men gj\u00f8r noe helt annet. Dette vil medf\u00f8re at enda f\u00e6rre ungdommer f\u00f8ler seg hjemme i organisert idrett. Dog jubler nok de mest ambisi\u00f8se og resultatfokuserte. Vi etterlyser en grundig gjennomgang av alle sider i denne saken fra idrettens side. <strong><em>N\u00e5 fremst\u00e5r analysen som frav\u00e6rende. Det er ikke noe vi i Midt-Norge Bandyregion kan st\u00e5 inne for<\/em><\/strong>.<\/p>\n<\/div><\/div>\n\n\n\n<div class=\"wp-block-msswb-spacer msswb-spacer-container show-line\" style=\"height:32px\"><div class=\"line\" style=\"height:16px\"><\/div><div class=\"line-center-divider\"><\/div><\/div>\n\n\n<div class=\"msswb-link-box-grid-frontend-app-v2\" data-url-encoded-attrs=\"%7B%22maxCols%22%3A5%2C%22showTitle%22%3Atrue%2C%22titleColor%22%3A%22%231b1918%22%2C%22useColorBackground%22%3Atrue%2C%22bgColor%22%3A%22%235ed0d4%22%2C%22overlayColor%22%3A%7B%22r%22%3A69%2C%22g%22%3A126%2C%22b%22%3A191%2C%22a%22%3A0.1%7D%2C%22linkBoxes%22%3A%5B%7B%22link_type%22%3A%22url%22%2C%22blog_id%22%3Afalse%2C%22ID%22%3Afalse%2C%22link%22%3A%22https%3A%2F%2Fwww.datatilsynet.no%2Fpersonvern-pa-ulike-omrader%2Fskole-barn-unge%2Fstromming-av-idrettsarrangement-for-barn%2F%22%2C%22image%22%3A%7B%22image_id%22%3A21%2C%22blog_id%22%3A2%2C%22term_id%22%3A122%2C%22selected_size%22%3A%22full%22%7D%2C%22featuredImage%22%3Afalse%2C%22from_shared%22%3Atrue%2C%22showAltTitle%22%3Atrue%2C%22altTitle%22%3A%22Datatilsynet%20om%20streaming%22%7D%2C%7B%22link_type%22%3A%22url%22%2C%22blog_id%22%3Afalse%2C%22ID%22%3Afalse%2C%22link%22%3A%22https%3A%2F%2Fwww.datatilsynet.no%2Fpersonvern-pa-ulike-omrader%2Fskole-barn-unge%2Fbilder-av-barn-pa-nett%2F%22%2C%22image%22%3A%7B%22image_id%22%3A154%2C%22blog_id%22%3A1%2C%22term_id%22%3A-1%2C%22selected_size%22%3A%22full%22%7D%2C%22featuredImage%22%3Afalse%2C%22from_shared%22%3Atrue%2C%22showAltTitle%22%3Atrue%2C%22altTitle%22%3A%22Datatilsynet%20om%20bilder%20av%20barn%22%7D%2C%7B%22link_type%22%3A%22url%22%2C%22blog_id%22%3Afalse%2C%22ID%22%3Afalse%2C%22link%22%3A%22https%3A%2F%2Fwww.idrettsforbundet.no%2Fcontentassets%2F2aca1931def74a5a8433dfd3b48cc875%2Fsamtykkeerklaring-publisering-bilde-og-film-av-barn.pdf%22%2C%22image%22%3A%7B%22image_id%22%3A1270%2C%22blog_id%22%3A1%2C%22term_id%22%3A5%2C%22selected_size%22%3A%22full%22%7D%2C%22featuredImage%22%3Afalse%2C%22from_shared%22%3Atrue%2C%22showAltTitle%22%3Atrue%2C%22altTitle%22%3A%22Samtykke-erkl%C3%A6ring%22%7D%2C%7B%22link_type%22%3A%22url%22%2C%22blog_id%22%3Afalse%2C%22ID%22%3Afalse%2C%22link%22%3A%22https%3A%2F%2Fwww.dubestemmer.no%2F%22%2C%22image%22%3Afalse%2C%22featuredImage%22%3Afalse%2C%22from_shared%22%3Atrue%2C%22showAltTitle%22%3Atrue%2C%22altTitle%22%3A%22L%C3%A6r%20mer%20om%20personvern%20og%20nettvett!%22%7D%5D%7D\" ><\/div>\n\n\n<div class=\"wp-block-msswb-spacer msswb-spacer-container show-line\" style=\"height:2px\"><div class=\"line\" style=\"height:1px\"><\/div><div class=\"line-center-divider\"><\/div><\/div>\n\n\n\n<h4 class=\"wp-block-heading\">Hvordan h\u00e5ndterer Norges Bandyforbund dette?<\/h4>\n\n\n\n<p>Utgangspunktet er at Norges Bandyforbundet (NBF) har medierettighetene til alle obligatoriske kamper som arrangeres av forbund, region eller krets. NBF har n\u00e5 inng\u00e5tt avtale med med at MyGame har disse rettighetene. <a href=\"https:\/\/www.idrettsforbundet.no\/globalassets\/idrett\/juss\/lover\/nifs-lov-1.1.2020.pdf\">NIFs lov<\/a> \u00a7 14-3 spesifiserer medierettighetene slik; \u00ab<em>Med medierettigheter forst\u00e5s rett til \u00e5 oppta, overf\u00f8re eller videreformidle lyd, bilde, tekst og liknende fra et idrettsarrangement via tv, radio, internett eller p\u00e5 annen m\u00e5te<\/em>\u00bb. At en klubb\/enkeltpersoner etc. tar opp uten \u00e5 videreformidle er ogs\u00e5 omfattet. Det godtas ikke at slikt innhold deles p\u00e5 sosiale medier som Facebook etc. Det er n\u00e5 kun MyGame som kan sende levende bilder fra v\u00e5re kamper.<\/p>\n\n\n\n<p class=\"has-background\" style=\"background-color:#d9dbdc\"><strong>Gjeldende bestemmelser:&nbsp;<\/strong><br>\u00a7 14-3 (2) <em>S\u00e6rforbundet innehar medierettighetene knyttet til de arrangementer s\u00e6rforbundet har eiendomsretten til, jf. \u00a7 14-2 (2). Avtaler om medierettighetene skal inng\u00e5s av det enkelte s\u00e6rforbunds styre.<\/em><br><br>\u00a7 14-2 (2) <em>S\u00e6rforbund har eiendomsretten til de s\u00e6ridrettsarrangementer det selv arrangerer og til s\u00e6ridrettsarrangementer som er en del av et arrangementssystem regulert av s\u00e6rforbundets regelverk<\/em>.<\/p>\n\n\n\n<p>Vi gj\u00f8r oppmerksom p\u00e5 at treningskamper er klubbenes eiendom og faller utenfor bestemmelsen og reguleringen av medierettigheter. Det samme gjelder turneringer arrangert av den enkelte klubb, som ikke er p\u00e5 oppdrag fra forbund eller krets\/region opprettet av forbundet. Samtidig s\u00e5 er jo ogs\u00e5 slik aktivitet naturlig nok ogs\u00e5 omfattet av de samme krav til personvern og samtykke som lovverket stiller.<\/p>\n\n\n\n<div class=\"wp-block-msswb-spacer msswb-spacer-container\" style=\"height:11px\"><div class=\"line\" style=\"height:5px\"><\/div><div class=\"line-center-divider\"><\/div><\/div>\n\n\n\n<h4 class=\"wp-block-heading\">Bakgrunnsteppe<\/h4>\n\n\n\n<p class=\"has-drop-cap has-white-normal-color has-black-normal-background-color has-text-color has-background\">I etterkant av pandemien vokste det frem en diskusjon i samfunnet generelt omkring livestreaming av aktivitet. Restriksjoner som reduserte muligheten for publikum i idrettshallene avdekket et \u00f8nske om \u00e5 f\u00e5 med seg idrettsaktiviteten gjennom skjermen i stua. Dette utl\u00f8ste en diskusjon omkring fordeler og ulemper, og idrettens avtale med Tv2 og MyGame ble raskt en realitet. En rekke s\u00e6rforbund kastet seg ukritisk p\u00e5 og inngikk avtale med selskapene omkring livestreaming og lagring av det meste av sin kampaktivitet. Etterhvert som ordningen ble rullet ut og kameraene montert kom det frem at idretten trolig hadde g\u00e5tt for raskt frem. H\u00f8sten 2022 avdekket en rekke forhold tilknyttet ordningen som idretten og tjenestetilbyderen tydelig ikke hadde viet nok oppmerksomhet. Det hele kulminerte i januar 2023 hvor all streaming av kampaktivitet for personer under 18 \u00e5r ble satt p\u00e5 pause.<br><br>Norges Idrettsforbund satte ned sine egne utvalg som skulle vurdere veien videre, men Datatilsynet kom idretten i forkj\u00f8pet og lanserte i juni 2023 en <a rel=\"noreferrer noopener\" href=\"https:\/\/www.datatilsynet.no\/personvern-pa-ulike-omrader\/skole-barn-unge\/stromming-av-idrettsarrangement-for-barn\/\" target=\"_blank\">oppdatert veileder<\/a> for livetreaming\/filming av idrettsarrangement. Den fastsl\u00e5r at streaming av idrettsaktivitet for innebandy for personer 18 \u00e5r ikke er mulig. Det eneste unntaket kan v\u00e6re enkelte kamper i en st\u00f8rre nasjonal sammengheng. Slike kamper arrangeres dog ikke p\u00e5 regionalt niv\u00e5.<br><br>Midt-Norge Bandyregion har gjennom hele prosessen v\u00e6re skeptisk til MyGame og hatt en s\u00e6rdeles restriktiv holdning til hele prosessen. Der hvor andre har presset p\u00e5 for \u00e5 igangsette streaming har vi holdt tilbake. Vi \u00e5pnet aldri for streaming av barn og unge, og har ogs\u00e5 midlertidig blokkert muligheten p\u00e5 seniorniv\u00e5. Informasjonen og kvaliteten p\u00e5 foreliggende l\u00f8sning oppfatter vi rett og slett er for d\u00e5rlig. Ettertiden har vist av v\u00e5r regions restriktive holdning var en korrekt tiln\u00e6rming til en tematikk idretten i alt for stor grad ukritisk hoppet p\u00e5. <\/p>\n\n\n\n<div class=\"wp-block-msswb-spacer msswb-spacer-container\" style=\"height:12px\"><div class=\"line\" style=\"height:6px\"><\/div><div class=\"line-center-divider\"><\/div><\/div>\n\n\n\n<div class=\"wp-block-msswb-spacer msswb-spacer-container show-line\" style=\"height:12px\"><div class=\"line\" style=\"height:6px\"><\/div><div class=\"line-center-divider\"><\/div><\/div>\n\n\n\n<div class=\"wp-block-msswb-panel msswb-panel-container\"><div class=\"mwwsb-panel-header\"><div class=\"mwwsb-panel-title\">Diskusjonen om MyGame sitt inntog i barneidretten<\/div><div class=\"mwwsb-panel-icon\"><span class=\"dashicon dashicons dashicons-arrow-down-alt2\"><\/span><\/div><\/div><div class=\"msswb-panel-content\">\n<p>H\u00f8sten 2022 ble det for alvor kjent at selskapet MyGame &#8211; i samarbeid med Tv2 &#8211; hadde inng\u00e5tt en avtale med norsk idrett om livestreaming av kampaktiviteten helt ned i 15 \u00e5rsalder. I tillegg kunne personer ned til 13 \u00e5r ogs\u00e5 filmes dersom de deltar i kamper i 15\u00e5rsklassen og eldre. Alle kan reservere seg mot \u00e5 bli filmet gjennom \u00e5 g\u00e5 inn p\u00e5 sin profil i <a rel=\"noreferrer noopener\" href=\"https:\/\/www.minidrett.no\/oversikt\" target=\"_blank\">MinIdrett<\/a>. Inntil man har gjort dette vil MyGame ta utgangspunkt i at man har samtykket til \u00e5 bli filmet. Gjennom h\u00f8sten kom det stadig saker som avdekket av idretten nok ikke hadde vurdert alle sider av denne saken godt nok. For hva er egentlig form\u00e5let bak dette? Vil flere eller f\u00e6rre \u00f8nske \u00e5 v\u00e6re en del av den organiserte idretten som f\u00f8lge av dette? Og er personvernet godt nok ivaretatt? Sp\u00f8rsm\u00e5lene var\/er mange, og svarene virker forel\u00f8pig ikke betryggende. Her har vi samlet opp noen av sakene omkring temaet fra h\u00f8sten 2022.<br><br>13. mai 2022; <a rel=\"noreferrer noopener\" href=\"https:\/\/www.vg.no\/sport\/i\/mrlk6O\/splid-om-filming-av-ungdomsidrett-bekymringsfullt\" target=\"_blank\">Splid om filming av ungdomsidrett &#8211; bekymringsfullt<\/a><\/p>\n\n\n\n<p>7. oktober 2022: <a href=\"https:\/\/www.tronderdebatt.no\/idrettsglede-for-stadig-farre\/o\/5-122-55186\" target=\"_blank\" rel=\"noreferrer noopener\">Idrettsglede for stadig f\u00e6rre<\/a><\/p>\n\n\n\n<p>5. desember 2022; <a rel=\"noreferrer noopener\" href=\"https:\/\/www.aftenbladet.no\/sport\/i\/O884q1\/angriper-revolusjon-i-breddeidretten-tror-ikke-folk-er-klar-over-det-massive-omfanget\" target=\"_blank\">Tror ikke foreldre er klar over hva som er i ferd med \u00e5 skje<\/a> (Bak betalingsmur)<\/p>\n\n\n\n<p>8. desember 2022: <a rel=\"noreferrer noopener\" href=\"https:\/\/www.aftenposten.no\/sport\/i\/abGPQ5\/dette-kameraet-skulle-filme-barn-naa-sier-oslo-kommune-nei\" target=\"_blank\">Dette kameraet skulle filme barn. N\u00e5 sier Oslo kommune nei.<\/a> <em>(Bak betalingsmur)<\/em><\/p>\n\n\n\n<p>12. desember 2022; <a href=\"https:\/\/www.nrk.no\/sport\/disse-kameraene-skaper-splid_-_-okt-fare-for-mobbing-1.16212558\" target=\"_blank\" rel=\"noreferrer noopener\">Disse kameraene skaper splid: &#8211; \u00f8kt fare for mobbing<\/a><\/p>\n\n\n\n<p>14. desember 2022; <a href=\"https:\/\/www.aftenposten.no\/meninger\/debatt\/i\/l3Maoo\/beskytt-barna-mot-aa-bli-kringkastet-paa-internett\" target=\"_blank\" rel=\"noreferrer noopener\">Beskytt barna mot \u00e5 bli kringkastet p\u00e5 internett<\/a><\/p>\n\n\n\n<p>16. desember 2022; <a href=\"https:\/\/www.nrk.no\/sorlandet\/vil-sende-barnekamper-direkte-pa-nett_-_-det-er-ikke-gjort-noe-vurdering-av-barnas-beste-1.16223810\" target=\"_blank\" rel=\"noreferrer noopener\">Det er ikke gjort en vurdering av barnas beste<\/a><\/p>\n\n\n\n<p>16. desember 2022; <a href=\"https:\/\/www.vg.no\/sport\/i\/q1O89E\/maatte-fjerne-video-av-12-aaring-som-slaass-beklagelig-at-det-har-skjedd\" target=\"_blank\" rel=\"noreferrer noopener\">M\u00e5tte fjerne video av 12-\u00e5ring som sloss<\/a><\/p>\n\n\n\n<p>16. desember 2022; <a href=\"https:\/\/www.vg.no\/sport\/i\/EQbr72\/norsk-redaktoerforening-og-tv-2-uenige-om-det-redaksjonelle-ansvaret-for-mygame\" target=\"_blank\" rel=\"noreferrer noopener\">Hvem har ansvaret for innholdet?<\/a><\/p>\n\n\n\n<p>17. desember 2022; <a href=\"https:\/\/www.vg.no\/sport\/fotball\/i\/JQnm4P\/stroemming-av-breddeidrett-saarbarheten-er-ekstrem\" target=\"_blank\" rel=\"noreferrer noopener\">S\u00e5rbarheten er ekstrem<\/a><\/p>\n\n\n\n<p>19. desember 2022; <a href=\"https:\/\/www.vg.no\/sport\/i\/8JPy9Q\/her-vet-de-ikke-at-de-filmes-paa-trening-naa-tar-mygame-grep\" target=\"_blank\" rel=\"noreferrer noopener\">Visste ikke at de ble filmet p\u00e5 trening; &#8211; det er helt uholdbart<\/a><\/p>\n\n\n\n<p>20. desember 2022; <a rel=\"noreferrer noopener\" href=\"https:\/\/www.vg.no\/sport\/i\/kEMqAL\/oppfordrer-til-nasjonalt-mygame-opproer-en-skandale\" target=\"_blank\">Oppfordrer til nasjonalt MyGame-oppr\u00f8r: &#8211; En skandale<\/a><\/p>\n\n\n\n<p>22. desember 2022; <a href=\"https:\/\/www.vg.no\/sport\/i\/VPQRdl\/flere-idrettskretser-skeptiske-til-mygame-man-skal-vaere-ekstremt-varsom\" target=\"_blank\" rel=\"noreferrer noopener\">Flere idrettskretser skeptiske til MyGame<\/a><\/p>\n\n\n\n<p>23. desember 2022; <a href=\"https:\/\/www.vg.no\/sport\/i\/O86803\/bjoern-reserverte-datteren-mot-mygame-filming-du-blir-party-pooperen\" target=\"_blank\" rel=\"noreferrer noopener\">Bj\u00f8rn reserverte datteren mot MyGame-filming: &#8211; du blir &laquo;party pooperen&raquo;<\/a><\/p>\n\n\n\n<p>23. desember 2022; <a href=\"https:\/\/www.vg.no\/sport\/i\/76VKO4\/idrettstopp-ut-mot-mygame-hodeloest-aa-filme-barn-som-ikke-vet-det\" target=\"_blank\" rel=\"noreferrer noopener\">Idrettstopp ut mot MyGame: &#8211; Hodel\u00f8st \u00e5 filme barn som ikke vet det<\/a><\/p>\n\n\n\n<p>27. desember 2022; <a rel=\"noreferrer noopener\" href=\"https:\/\/www.vg.no\/sport\/i\/ve6gll\/17-aaringen-lever-i-skjul-slutter-paa-fotball-dersom-kampene-stroemmes\" target=\"_blank\">17-\u00c5RINGEN LEVER I SKJUL: SLUTTER P\u00c5 FOTBALL DERSOM KAMPENE STR\u00d8MMES<\/a><\/p>\n\n\n\n<p>3. januar 2023: <a href=\"https:\/\/www.vg.no\/sport\/i\/eJa4LQ\/datatilsynet-reagerte-paa-mygame-e-post-egnet-til-aa-villede\" target=\"_blank\" rel=\"noreferrer noopener\">Datatilsynet reagert p\u00e5 MyGame-e-post: &#8211; egnet til \u00e5 villede<\/a><\/p>\n\n\n\n<p>5. januar 2023; <a href=\"https:\/\/www.vg.no\/sport\/i\/Q754gJ\/storkommuner-med-mygame-nei\" target=\"_blank\" rel=\"noreferrer noopener\">Storkommuner med MYGame-NEI. Ikke alle ungdommer \u00f8nsker \u00e5 bli filmet<\/a><\/p>\n\n\n\n<p>6. januar 2023: <a href=\"https:\/\/www.vg.no\/sport\/i\/pQdaJW\/filming-av-barn-kan-ende-i-kaos-hvordan-havnet-vi-her\" target=\"_blank\" rel=\"noreferrer noopener\">Hvordan havnet vi her?<\/a><\/p>\n\n\n\n<p>9. januar 2023: <a rel=\"noreferrer noopener\" href=\"https:\/\/www.vg.no\/nyheter\/meninger\/i\/nQvR1J\/jusprofessor-om-mygame-ulovlig-behandling-av-personopplysninger\" target=\"_blank\">Jusprofessor om MyGame: Ulovlig og m\u00e5 stoppes!<\/a><\/p>\n\n\n\n<p>7. juni 2023: <a rel=\"noreferrer noopener\" href=\"https:\/\/www.vg.no\/sport\/i\/jlMQWb\/datatilsynet-setter-foten-ned-for-stroemming-av-barneidrett-mange-bekymrede-foresatte\" target=\"_blank\">Datatilsynet setter foten ned<\/a><\/p>\n\n\n\n<p>27. juni 2023:<a href=\"https:\/\/www.vg.no\/sport\/i\/VPXXGJ\/trakk-seg-fra-stroemme-utvalg-i-protest-mener-nif-utvalg-var-rigget\" target=\"_blank\" rel=\"noreferrer noopener\"> Internt brev avsl\u00f8rer: Mener NIF-unders\u00f8kelse var rigget<\/a><\/p>\n<\/div><\/div>\n\n\n\n<div class=\"wp-block-msswb-spacer msswb-spacer-container show-line\" style=\"height:30px\"><div class=\"line\" style=\"height:15px\"><\/div><div class=\"line-center-divider\"><\/div><\/div>\n\n\n\n<div class=\"wp-block-columns\">\n<div class=\"wp-block-column\">\n<h5 class=\"wp-block-heading\">Hva betyr alt dette i praksis?<\/h5>\n\n\n<div class=\"msswb-image-frontend-app\"data-href-target=\"false\" data-href=\"%22https%3A%5C%2F%5C%2Fwww.mygame.no%5C%2F%22\" data-use-link=\"false\" data-screen-width=\"false\" data-alignment=\"%22right%22\" data-url=\"%22%5C%2Fwp-content%5C%2Fuploads%5C%2F2021%5C%2F05%5C%2FArtikkelbilde-avtale_1.jpg%22\" data-is-background-image=\"false\" data-border-radius=\"26\" data-image-width=\"681\" data-image-height=\"236\" data-selected-image=\"%7B%22image_id%22%3A53%2C%22blog_id%22%3A1%2C%22term_id%22%3A-1%2C%22selected_size%22%3A%22full%22%7D\" data-image-aspect-ratio=\"0.35\" data-alt-text=\"%22Foto%20av%3A%20%22\" data-caption=\"%22%22\" data-width=\"229\" data-height=\"80\" data-focal-point=\"\" data-show-light-box=\"false\" >\n<div class=\"msswb-image-block msswbright\" style=\"width:229px\"><div class=\"msswb-image \"><div class=\"image-container\" style=\"width:229px;height:80px\"><img decoding=\"async\" style=\"width:229px;height:80px;border-radius:26px\" src=\"\/wp-content\/uploads\/2021\/05\/Artikkelbilde-avtale_1.jpg\" \/><\/div><\/div><div class=\"msswb-image-caption-container\"><div class=\"msswb-image-caption\"><\/div><div class=\"msswb-image-attribution\">Foto av: <\/div><\/div><\/div>\n<\/div>\n\n\n<p class=\"has-drop-cap\">Det alts\u00e5 ikke slik at en enkelt forelder kan filme en kamp via en smarttelefon og overf\u00f8re p\u00e5 Facebook. Det er snarere b\u00e5de formelle krav man m\u00e5 oppfylle opp mot rettighetshaver, lover man m\u00e5 f\u00f8lge og sp\u00f8rsm\u00e5l man b\u00f8r ha en god diskusjon p\u00e5 internt i klubben f\u00f8r man begir seg ut p\u00e5 dette. Har man alt dette klart, og det er en kultur i klubben for at det er fullt ut akseptabelt \u00e5 motsette seg streaming s\u00e5 har man kommet et stykke p\u00e5 vei. NBF har nylig <a href=\"https:\/\/bandyforbundet.no\/innebandy\/?msswb-post=na-kommer-norsk-innebandy-pa-tv-2\">inng\u00e5tt en avtale<\/a> med selskapet <a rel=\"noreferrer noopener\" href=\"http:\/\/www.mygame.no\/\" target=\"_blank\">MyGame<\/a> og TV2 vedr. sending av innebandykamper. F\u00f8rst og fremst handler dette om eliteaktiviteten, men det er ogs\u00e5 konkrete planer om \u00e5 realisere muligheten for at alle innebandykamper i Norge kan vises p\u00e5 en felles plattform. Det er betydelige utfordringer tilknyttet filming av personer under 18 \u00e5r, og det er en enighet i de st\u00f8rste idrettene om og ikke \u00e5pne for dette. For sesongen 2024\/25 \u00e5pnes det derimot for streaming av alle seniorkamper der hvor dette er mulig &#8211; og ingen av deltakerne har reservert seg mot dette. Samtidig er det fremdeles slik at det i Midt-Norge er flere kommuner som ikke \u00f8nsker kameraer montert i sine haller, og flere organisasjoner har <a rel=\"noreferrer noopener\" href=\"https:\/\/www.stinesofiesstiftelse.no\/aktuelt\/la-barn-og-ungdom-f%C3%A5-drive-sin-idrett-i-fred-for-kameraene\" target=\"_blank\">advart<\/a> mot utviklingen. Fortl\u00f8pende oppdatert informasjon om Mygame og innebandy finnes <a href=\"https:\/\/bandyforbundet.no\/innebandy\/?page_id=11960\" target=\"_blank\" rel=\"noreferrer noopener\">her<\/a>.<\/p>\n<\/div>\n\n\n\n<div class=\"wp-block-column\">\n<h5 class=\"wp-block-heading\">En diskusjon omkring temaet&#8230;<\/h5>\n\n\n\n<p class=\"has-drop-cap\">I podkasten <a href=\"http:\/\/bobkast.bjonnes.net\/\">Bobkast<\/a> hadde man en st\u00f8rre diskusjon om temaet under COVID19-restriksjonene. Mange \u00f8nsket \u00e5 se p\u00e5 kamper, men var fratatt muligheten til \u00e5 v\u00e6re fysisk tilstede. Da ble dette med live-streaming ytterligere aktualisert og samtalen man f\u00f8rte om temaet kan du se her.<\/p>\n\n\n\n<figure class=\"wp-block-embed is-type-video is-provider-youtube wp-block-embed-youtube wp-embed-aspect-16-9 wp-has-aspect-ratio\"><div class=\"wp-block-embed__wrapper\">\n<iframe loading=\"lazy\" title=\"Bobcast - streaming MNBR\" width=\"580\" height=\"326\" src=\"https:\/\/www.youtube.com\/embed\/9q4WsLOXZe0?feature=oembed\" frameborder=\"0\" allow=\"accelerometer; autoplay; clipboard-write; encrypted-media; gyroscope; picture-in-picture; web-share\" referrerpolicy=\"strict-origin-when-cross-origin\" allowfullscreen><\/iframe>\n<\/div><\/figure>\n<\/div>\n<\/div>\n","protected":false},"excerpt":{"rendered":"<p>STREAMING AV KAMPER \u00c5 sende kamper direkte p\u00e5 ulike plattformer har i l\u00f8pet av de siste \u00e5rene blitt mer og mer aktuelt. Kanskje s\u00e6rlig under pandemien var det mange som kjente p\u00e5 et behov for \u00e5 f\u00e5 tilgang til seriekamper &laquo;i sin egen stue&raquo; all den tid det var stengt for \u00e5 fysisk dra til [&hellip;]<\/p>\n","protected":false},"author":12,"featured_media":0,"parent":919,"menu_order":0,"comment_status":"closed","ping_status":"closed","template":"","meta":{"cover_meta":"","footnotes":""},"class_list":["post-1908","page","type-page","status-publish","hentry"],"_links":{"self":[{"href":"https:\/\/bandyforbundet.no\/midt-norge-bandyregion\/index.php?rest_route=\/wp\/v2\/pages\/1908","targetHints":{"allow":["GET"]}}],"collection":[{"href":"https:\/\/bandyforbundet.no\/midt-norge-bandyregion\/index.php?rest_route=\/wp\/v2\/pages"}],"about":[{"href":"https:\/\/bandyforbundet.no\/midt-norge-bandyregion\/index.php?rest_route=\/wp\/v2\/types\/page"}],"author":[{"embeddable":true,"href":"https:\/\/bandyforbundet.no\/midt-norge-bandyregion\/index.php?rest_route=\/wp\/v2\/users\/12"}],"replies":[{"embeddable":true,"href":"https:\/\/bandyforbundet.no\/midt-norge-bandyregion\/index.php?rest_route=%2Fwp%2Fv2%2Fcomments&post=1908"}],"version-history":[{"count":121,"href":"https:\/\/bandyforbundet.no\/midt-norge-bandyregion\/index.php?rest_route=\/wp\/v2\/pages\/1908\/revisions"}],"predecessor-version":[{"id":8306,"href":"https:\/\/bandyforbundet.no\/midt-norge-bandyregion\/index.php?rest_route=\/wp\/v2\/pages\/1908\/revisions\/8306"}],"up":[{"embeddable":true,"href":"https:\/\/bandyforbundet.no\/midt-norge-bandyregion\/index.php?rest_route=\/wp\/v2\/pages\/919"}],"wp:attachment":[{"href":"https:\/\/bandyforbundet.no\/midt-norge-bandyregion\/index.php?rest_route=%2Fwp%2Fv2%2Fmedia&parent=1908"}],"curies":[{"name":"wp","href":"https:\/\/api.w.org\/{rel}","templated":true}]}}